{"id":1447,"date":"2014-06-26T15:18:59","date_gmt":"2014-06-26T13:18:59","guid":{"rendered":"http:\/\/finnlandcool.fi\/?page_id=1447"},"modified":"2014-10-28T15:28:26","modified_gmt":"2014-10-28T12:28:26","slug":"finnland-kulturprogramm","status":"publish","type":"page","link":"https:\/\/finnlandcool.fi\/de\/finnland-kulturprogramm\/","title":{"rendered":"FINNLAND. KULTURPROGRAMM."},"content":{"rendered":"<p>Der Frankfurter Herbst steht ganz im Zeichen der Kultur: in unserem <a href=\"https:\/\/fili.fi\/finnlandcool\/wp-content\/uploads\/2014\/06\/Finnland.Cultureprogramm.pdf\" target=\"_blank\">Finnland. Cool. -Kulturprogrammheft<\/a> finden Sie viele Veranstaltungen!<\/p>\n<ul>\n<li><strong><a href=\"http:\/\/www.fkv.de\/english\/\" target=\"_blank\">Kunstverein Frankfurt<\/a><br \/>\n<\/strong><strong>MATTERS OF TIME &#8211; ARTISTS FROM FINLAND<br \/>\n<\/strong><strong>25. Juli \u2013 12. Oktober 2014<br \/>\nEr\u00f6ffnung am 24. Juli 2014 um 8 Uhr<br \/>\n<\/strong>Beteiligte K\u00fcnstler\/-duos: Maija Bl\u00e5field, Tommi Gr\u00f6nlund &amp; Petteri Nisunen, IC-98 (Visa Suonp\u00e4\u00e4 &amp; Patrik S\u00f6derlund), Mikko Kuorinki, Minna L\u00e5ngstr\u00f6m, Salla Myllyl\u00e4, Elena N\u00e4s\u00e4nen, Pink Twins (Juha &amp; Vesa Vehvil\u00e4inen) Kurator: Holger Kube Ventura<\/li>\n<\/ul>\n<ul>\n<li><a href=\"http:\/\/deutsches-filminstitut.de\/en\/\" target=\"_blank\"><strong>Deutsches Filminstitut und Deutsches Filmmuseum<\/strong><\/a><br \/>\n<strong>RETROSPECTIVE AKI KAURISM\u00c4KI<\/strong><br \/>\n<strong>29. August \u2013 8. Oktober 2014<\/strong><br \/>\nAki Kaurism\u00e4ki zu Gast am Mittwoch, 8. Oktober um 20.15 Uhr in der Vorf\u00fchrung <em>Le Havre<\/em> (93 Min, OmeU, Finnland\/Frankreich\/Deutschland 2011. Regie: Aki Kaurism\u00e4ki.)<\/li>\n<\/ul>\n<ul>\n<li><a href=\"http:\/\/www.dam-online.de\/portal\/en\/Start\/Start\/0\/0\/0\/0\/1841.aspx\" target=\"_blank\"><strong>Deutsches Architekturmuseum<\/strong><\/a><br \/>\n<strong>SUOMI SEVEN \u2013 EMERGING ARCHITECTS FROM FINLAND<\/strong><br \/>\n<strong> 6. September \u2013 9. November 2014<\/strong><br \/>\nMit ALA Architects, Anttinen Oiva Architects, Avanto Architects, Esa Ruskeep\u00e4\u00e4 Architects, OOPEAA &#8211; Office for Peripheral Architecture, Architects Rudanko + Kankkunen und Verstas Architects<\/li>\n<\/ul>\n<ul>\n<li><a href=\"http:\/\/www.stadtbuecherei.frankfurt.de\" target=\"_blank\"><strong>Stadtsb\u00fccherei Frankfurt am Main<\/strong><\/a><br \/>\n<strong> FINNISCHE LITERATURGESCHICHTE<\/strong><br \/>\n<strong><strong> 9. September \u2013 25. October 2014<br \/>\nAusstellungser\u00f6ffnung: 8. September 2014, 19.30 Uhr<\/strong><\/strong><\/li>\n<\/ul>\n<ul>\n<li><strong><strong><strong><a href=\"http:\/\/www.stadtbuecherei.frankfurt.de\" target=\"_blank\"><strong>Stadtsb\u00fccherei Frankfurt am Main<\/strong><\/a><\/strong><br \/>\nBY \u2013 DAS DORF<br \/>\n23. September &#8211; 16. Oktober 2014<br \/>\nEr\u00f6ffnung: 23. September 2014, 15 Uhr, Bibliothekszentrum Sachsenhausen, Hedderichstra\u00dfe 32, <strong>Eintritt frei<\/strong><br \/>\n<\/strong><\/strong>Ausstellung finnischer Illustrationskunst f\u00fcr Kinder und Jugendliche, mit Maija Hurme und Anna H\u00e4rm\u00e4l\u00e4.<\/li>\n<\/ul>\n<ul>\n<li><a href=\"http:\/\/www.ausstellungshalle.info\/\" target=\"_blank\"><strong>Ausstellungshalle 1A<\/strong><\/a><br \/>\n<strong> THE LOVELIEST GIRL IN THE WORLD &#8211; MAAILMAN IHANIN TYTT\u00d6<\/strong><br \/>\n<strong> 26. September \u2013 19. Oktober 2014, Di\u2013Fri 14\u201320, Sa und So 14-18 Uhr<\/strong><br \/>\n<strong><strong>Er\u00f6ffnung: Donnerstag, 25. September 2014 um 19 Uhr<\/strong><\/strong><\/li>\n<\/ul>\n<ul>\n<li><strong><a href=\"http:\/\/www.stadtbuecherei.frankfurt.de\" target=\"_blank\"><strong>Stadtsb\u00fccherei Frankfurt am Main<\/strong><\/a><br \/>\nANGELA PL\u00d6GER: DER GL\u00c4SERNE \u00dcBERSETZER<br \/>\n30. September 2014, 16-18 Uhr, Eintritt frei<br \/>\n<\/strong>Diskussion \u00fcber die \u00dcbersetzung von \u201eK\u00e4til\u00f6\u201c (\u201eWildauge\u201c) von Katja Kettu<\/li>\n<\/ul>\n<ul>\n<li><a href=\"http:\/\/www.schirn.de\/en\/#\" target=\"_blank\"><strong>Schirn Kunsthalle Frankfurt<\/strong><\/a><br \/>\n<strong> AUSSTELLUNG HELENE SCHJERFBECK<\/strong><br \/>\n<strong><strong> 2. Oktober 2014 \u2013 11. Januar 2015<\/strong><\/strong><\/li>\n<\/ul>\n<ul>\n<li><a href=\"http:\/\/www.fffrankfurt.org\" target=\"_blank\"><strong>Fotografie Forum Frankfurt<br \/>\n<\/strong><\/a><strong>POTRETTI. CONTEMPORARY FINNISH PHOTOGRAPHY<br \/>\n<\/strong><strong>4.Oktober, 2014 \u2013 30. November, 2014<\/strong><\/li>\n<\/ul>\n<ul>\n<li><a href=\"http:\/\/www.mousonturm.de\/web\/en\/\" target=\"_blank\"><strong>K\u00fcnstlerhaus Mousonturm<\/strong><\/a><br \/>\n<strong>RUN WILD STAY COOL &#8211; CHOREOGRAFIE UND PERFORMANCE AUS FINNLAND <\/strong><br \/>\n<strong>4.<\/strong> <strong>Oktober \u2013 12. Oktober 2014<\/strong><\/li>\n<\/ul>\n<ul>\n<li><a href=\"https:\/\/hausamdom.bistumlimburg.de\/startseite.html\" target=\"_blank\"><strong>Haus am Dom<\/strong><\/a><br \/>\n<strong> ROSA LIKSOMS BURKA-FOTOS<\/strong><br \/>\n<strong> 6. October \u2013 26. October 2014, von 9-17 Uhr, Eintritt frei<\/strong><br \/>\n<strong><strong><strong> Ausstellungser\u00f6ffnung mit Lesung und K\u00fcnstlergespr\u00e4ch am Sonntag, 5. Oktober um 17 Uhr.<\/strong><\/strong><\/strong><\/li>\n<\/ul>\n<ul>\n<li><a title=\"Literaturhaus Frankfurt\" href=\"https:\/\/www.facebook.com\/events\/570405679736455\/?fref=ts\" target=\"_blank\"><strong>Literaturhaus Frankfurt<\/strong><\/a><br \/>\n<span class=\"fsl\"><strong>SATUMAA \u2013 COOL <\/strong><br \/>\n<strong>6. Oktober, 19:30 Uhr<\/strong><br \/>\nTango-Abend auf finnische Art!<\/span><\/li>\n<\/ul>\n<ul>\n<li><strong><strong><a title=\"Goethe-Institut\" href=\"http:\/\/www.goethe.de\/ins\/fi\/de\/hel\/ver.cfm\" target=\"_blank\">Goethe-Institut<\/a><br \/>\n<strong>FINNLAND. COOL. &#8211; DER POETISCHE AUFGUSS<\/strong><br \/>\n<strong>7. October \u2013 October 12, 2014<\/strong><\/strong><\/strong><\/li>\n<\/ul>\n<ul>\n<li><strong><strong><a title=\"Goethe-Institut\" href=\"http:\/\/www.goethe.de\/ins\/fi\/de\/hel\/ver.cfm\" target=\"_blank\">Goethe-Institut<\/a><\/strong><br \/>\n<strong>SCHWEI\u00df &amp; POESIE &#8211; JUNGE FINNISCHE SPOKEN WORD-SZENE<br \/>\n7. Oktober \u2013 October 10, 2014<\/strong><br \/>\n<\/strong>Ein poetischer Roadtrip mit Sauna zur Buchmesse Frankfurt<strong><br \/>\n<\/strong><\/li>\n<\/ul>\n<ul>\n<li><a href=\"http:\/\/literaturhaus-frankfurt.de\/\" target=\"_blank\"><strong>Literaturhaus Frankfurt<\/strong><\/a><br \/>\n<strong>EIN ABEND MIT SOFI OKSANEN: <em>ALS DIE TAUBEN VERSCHWANDEN<\/em><\/strong><br \/>\n<strong>8. Oktober 2014, 19:30 Uhr, Eintritt: 16\u20ac \/ 8\u20ac \/\/ Karten ab 8. September im Schauspiel Frankfurt<\/strong><br \/>\nModeration dt.\/engl.: Bernhard Robben, Lesung dt. Text: Till Weinheimer (Schauspiel Frankfurt)<\/li>\n<\/ul>\n<ul>\n<li><a href=\"http:\/\/deutsches-filminstitut.de\/en\/\" target=\"_blank\"><strong>Deutsches Filminstitut und Deutsches Filmmuseum<\/strong><\/a><br \/>\n<strong>CARTE BLANCHE &#8211; PETER VON BAGH<\/strong><br \/>\n<strong>8. &#8211; 31. Oktober 2014<\/strong><br \/>\nAki Kaurism\u00e4ki, Regiss\u00f6r und Mitbegr\u00fcnder des Sodankyl\u00e4 Filmfestivals, zu Gast am Mittwoch, 8. Oktober um 18 Uhr in der Vorf\u00fchrung<em> Sodankyl\u00e4 Forever: The Century of Cinema<\/em> (90 Min, OmeU. Finnland 2010. Regie: Peter von Bagh).<\/li>\n<\/ul>\n<ul>\n<li><strong><a title=\"Orfeos Erben\" href=\"http:\/\/orfeos.de\" target=\"_blank\">Orfeos Erben<\/a><\/strong><br \/>\n<strong>MIDNIGHT SUN FILM FESTIVAL IN FRANKFURT<\/strong><br \/>\n<strong>9. &#8211; 11. Oktober 2014, Eintritt frei.<\/strong><br \/>\nMit Vorf\u00fchrungen der Filmen: [9.10. 19.00]<em> The White Reindeer<\/em> [9.10. 21.15] <em>Miss Blue Jeans<\/em> [10.10. 19.00] <em>Tove and Tooti in Europe<\/em> [10.10. 21.15]<em> Steam of live<\/em> [11.10. 19.00] <em>The Punk Syndrome<\/em> [11.10. 21.15] <em>The Earth is a Sinful Song<\/em>.<\/li>\n<\/ul>\n<ul>\n<li><strong><strong><strong><a title=\"Goethe-Institut\" href=\"http:\/\/www.goethe.de\/ins\/fi\/de\/hel\/ver.cfm\" target=\"_blank\">Goethe-Institut<\/a><\/strong><\/strong><br \/>\n<\/strong><strong>SENIORENCOMICS<br \/>\n11. Oktober 2014<\/strong><br \/>\nComicsgespr\u00e4ch mit Birgit Weyhe und Anna Haifisch, Moderation: Mikko Fritze<\/li>\n<\/ul>\n","protected":false},"excerpt":{"rendered":"<p>Der Frankfurter Herbst steht ganz im Zeichen der Kultur: in unserem Finnland. Cool. -Kulturprogrammheft finden Sie viele Veranstaltungen! Kunstverein Frankfurt MATTERS OF TIME &#8211; ARTISTS FROM FINLAND 25. Juli \u2013 [&hellip;]<\/p>\n","protected":false},"author":2,"featured_media":0,"parent":0,"menu_order":24,"comment_status":"open","ping_status":"open","template":"","meta":{"_acf_changed":false,"footnotes":""},"class_list":["post-1447","page","type-page","status-publish","hentry"],"acf":[],"_links":{"self":[{"href":"https:\/\/finnlandcool.fi\/de\/wp-json\/wp\/v2\/pages\/1447","targetHints":{"allow":["GET"]}}],"collection":[{"href":"https:\/\/finnlandcool.fi\/de\/wp-json\/wp\/v2\/pages"}],"about":[{"href":"https:\/\/finnlandcool.fi\/de\/wp-json\/wp\/v2\/types\/page"}],"author":[{"embeddable":true,"href":"https:\/\/finnlandcool.fi\/de\/wp-json\/wp\/v2\/users\/2"}],"replies":[{"embeddable":true,"href":"https:\/\/finnlandcool.fi\/de\/wp-json\/wp\/v2\/comments?post=1447"}],"version-history":[{"count":5,"href":"https:\/\/finnlandcool.fi\/de\/wp-json\/wp\/v2\/pages\/1447\/revisions"}],"predecessor-version":[{"id":3342,"href":"https:\/\/finnlandcool.fi\/de\/wp-json\/wp\/v2\/pages\/1447\/revisions\/3342"}],"wp:attachment":[{"href":"https:\/\/finnlandcool.fi\/de\/wp-json\/wp\/v2\/media?parent=1447"}],"curies":[{"name":"wp","href":"https:\/\/api.w.org\/{rel}","templated":true}]}}